{"id":2220,"date":"2018-01-02T16:42:19","date_gmt":"2018-01-02T16:42:19","guid":{"rendered":"http:\/\/www.jesuitasrioja.org\/parroquia-san-ignacio\/"},"modified":"2019-02-20T14:53:10","modified_gmt":"2019-02-20T14:53:10","slug":"parish-of-san-ignacio","status":"publish","type":"page","link":"https:\/\/www.jesuitasrioja.org\/en\/parish-of-san-ignacio\/","title":{"rendered":"Parish of San Ignacio"},"content":{"rendered":"<p><\/p>\n<h2><img loading=\"lazy\" decoding=\"async\" class=\"aligncenter wp-image-1648 \" src=\"http:\/\/www.jesuitasrioja.org\/wp-content\/uploads\/2018\/10\/Captura-de-pantalla-2018-10-03-a-las-11.32.26-748x1024.png\" alt=\"\" width=\"567\" height=\"776\" srcset=\"https:\/\/www.jesuitasrioja.org\/wp-content\/uploads\/2018\/10\/Captura-de-pantalla-2018-10-03-a-las-11.32.26-748x1024.png 748w, https:\/\/www.jesuitasrioja.org\/wp-content\/uploads\/2018\/10\/Captura-de-pantalla-2018-10-03-a-las-11.32.26-219x300.png 219w, https:\/\/www.jesuitasrioja.org\/wp-content\/uploads\/2018\/10\/Captura-de-pantalla-2018-10-03-a-las-11.32.26-768x1051.png 768w, https:\/\/www.jesuitasrioja.org\/wp-content\/uploads\/2018\/10\/Captura-de-pantalla-2018-10-03-a-las-11.32.26.png 842w\" sizes=\"(max-width: 567px) 100vw, 567px\" \/><img loading=\"lazy\" decoding=\"async\" class=\"aligncenter wp-image-1649 \" src=\"http:\/\/www.jesuitasrioja.org\/wp-content\/uploads\/2018\/10\/Captura-de-pantalla-2018-10-03-a-las-11.39.45-738x1024.png\" alt=\"\" width=\"491\" height=\"681\" srcset=\"https:\/\/www.jesuitasrioja.org\/wp-content\/uploads\/2018\/10\/Captura-de-pantalla-2018-10-03-a-las-11.39.45-738x1024.png 738w, https:\/\/www.jesuitasrioja.org\/wp-content\/uploads\/2018\/10\/Captura-de-pantalla-2018-10-03-a-las-11.39.45-216x300.png 216w, https:\/\/www.jesuitasrioja.org\/wp-content\/uploads\/2018\/10\/Captura-de-pantalla-2018-10-03-a-las-11.39.45-768x1065.png 768w, https:\/\/www.jesuitasrioja.org\/wp-content\/uploads\/2018\/10\/Captura-de-pantalla-2018-10-03-a-las-11.39.45.png 770w\" sizes=\"(max-width: 491px) 100vw, 491px\" \/><\/h2>\n<p>&nbsp;<\/p>\n<p><img loading=\"lazy\" decoding=\"async\" class=\"aligncenter size-full wp-image-471\" src=\"\/wp-content\/uploads\/2018\/01\/iglesia.jpg\" alt=\"\" width=\"900\" height=\"545\" srcset=\"https:\/\/www.jesuitasrioja.org\/wp-content\/uploads\/2018\/01\/iglesia.jpg 900w, https:\/\/www.jesuitasrioja.org\/wp-content\/uploads\/2018\/01\/iglesia-300x182.jpg 300w, https:\/\/www.jesuitasrioja.org\/wp-content\/uploads\/2018\/01\/iglesia-768x465.jpg 768w\" sizes=\"(max-width: 900px) 100vw, 900px\" \/><\/p>\n<p>&nbsp;<\/p>\n<p><img loading=\"lazy\" decoding=\"async\" class=\"aligncenter size-full wp-image-472\" src=\"\/wp-content\/uploads\/2018\/01\/celebracion-2.jpg\" alt=\"\" width=\"1008\" height=\"590\" srcset=\"https:\/\/www.jesuitasrioja.org\/wp-content\/uploads\/2018\/01\/celebracion-2.jpg 1008w, https:\/\/www.jesuitasrioja.org\/wp-content\/uploads\/2018\/01\/celebracion-2-300x176.jpg 300w, https:\/\/www.jesuitasrioja.org\/wp-content\/uploads\/2018\/01\/celebracion-2-768x450.jpg 768w\" sizes=\"(max-width: 1008px) 100vw, 1008px\" \/><\/p>\n<p>&nbsp;<\/p>\n<p>&nbsp;<\/p>\n<p>&nbsp;<\/p>\n<p><img loading=\"lazy\" decoding=\"async\" class=\"aligncenter size-full wp-image-475\" src=\"\/wp-content\/uploads\/2018\/01\/celebracion-1.jpg\" alt=\"\" width=\"850\" height=\"533\" srcset=\"https:\/\/www.jesuitasrioja.org\/wp-content\/uploads\/2018\/01\/celebracion-1.jpg 850w, https:\/\/www.jesuitasrioja.org\/wp-content\/uploads\/2018\/01\/celebracion-1-300x188.jpg 300w, https:\/\/www.jesuitasrioja.org\/wp-content\/uploads\/2018\/01\/celebracion-1-768x482.jpg 768w\" sizes=\"(max-width: 850px) 100vw, 850px\" \/><\/p>\n<p>&nbsp;<\/p>\n<p>&nbsp;<\/p>\n<p>&nbsp;<\/p>\n<p><img loading=\"lazy\" decoding=\"async\" class=\"aligncenter size-full wp-image-477\" src=\"\/wp-content\/uploads\/2018\/01\/celebracion-3.jpg\" alt=\"\" width=\"722\" height=\"454\" srcset=\"https:\/\/www.jesuitasrioja.org\/wp-content\/uploads\/2018\/01\/celebracion-3.jpg 722w, https:\/\/www.jesuitasrioja.org\/wp-content\/uploads\/2018\/01\/celebracion-3-300x189.jpg 300w\" sizes=\"(max-width: 722px) 100vw, 722px\" \/><\/p>\n<p>&nbsp;<\/p>\n<p><strong>\u00a0<\/strong><\/p>\n<p>&nbsp;<\/p>\n<p><img loading=\"lazy\" decoding=\"async\" class=\"aligncenter size-full wp-image-478\" src=\"\/wp-content\/uploads\/2018\/01\/catequesis.jpg\" alt=\"\" width=\"980\" height=\"678\" srcset=\"https:\/\/www.jesuitasrioja.org\/wp-content\/uploads\/2018\/01\/catequesis.jpg 980w, https:\/\/www.jesuitasrioja.org\/wp-content\/uploads\/2018\/01\/catequesis-300x208.jpg 300w, https:\/\/www.jesuitasrioja.org\/wp-content\/uploads\/2018\/01\/catequesis-768x531.jpg 768w\" sizes=\"(max-width: 980px) 100vw, 980px\" \/><\/p>\n<p>&nbsp;<\/p>\n<p>&nbsp;<\/p>\n<h2>History of the Parish<\/h2>\n<h3>MILESTONES<\/h3>\n<p><strong>1979, 1 April:<\/strong> Demarcation of the parish boundaries<br \/>\n<strong>1979, 2 September<\/strong>: First parish mass on the school fields.<br \/>\n<strong>1983, 19 March<\/strong>: First wedding at the church.<br \/>\n<strong>1983, 27 March<\/strong>: Palm Sunday is celebrated for the first time.<br \/>\n<strong>1983, 21 May<\/strong>: Formal consecration of the church.<br \/>\n<strong>1990, 12 August<\/strong>: Installation of the church\u2019s air-conditioning.<br \/>\n<strong>2010, 9 April, Easter Week<\/strong>: Installation of the stain-glass windows of St. Ignatius.<br \/>\n2<strong>013, 12 October, Our Lady of Pilar<\/strong>: Installation of the belfry, the church bells are rung for the first time.<br \/>\n<strong>2015, 12 March:<\/strong> The bronze of Saint Ignatius is installed in the entrance to mark the 393th anniversary of the canonisation of Saint Ignatius and Saint Francis Xavier.<br \/>\n<strong>2015, 15 July:<\/strong> The laminate flooring is laid in the chapel and sacristy.<br \/>\n<strong>2016, 30 July<\/strong>, Feast day of Saint Ignatius: Installation of the stain-glass windows with Jesuit motifs on the doors in the entrance.<br \/>\n<strong>2016<\/strong>: This year sees all the light fittings changed over to <strong>LED<\/strong> on altars and in rooms, aisles, portico and courtyard in the entrance, and movement sensors are installed in corridors.<\/p>","protected":false},"excerpt":{"rendered":"<p>&nbsp; &nbsp; &nbsp; &nbsp; &nbsp; &nbsp; &nbsp; &nbsp; &nbsp; \u00a0 &nbsp; &nbsp; &nbsp; History of the Parish MILESTONES 1979, 1 April: Demarcation of the parish boundaries 1979, 2 September: First parish mass on the school fields. 1983, 19 March: First wedding at the church. 1983, 27 March: Palm Sunday is celebrated for the first time. [&hellip;]<\/p>\n","protected":false},"author":1,"featured_media":2222,"parent":0,"menu_order":860,"comment_status":"closed","ping_status":"closed","template":"","meta":{"_acf_changed":false,"footnotes":""},"acf":[],"yoast_head":"<!-- This site is optimized with the Yoast SEO Premium plugin v23.4 (Yoast SEO v24.2) - https:\/\/yoast.com\/wordpress\/plugins\/seo\/ -->\n<title>Parish of San Ignacio - Jesuitas Logro\u00f1o<\/title>\n<meta name=\"robots\" content=\"index, follow, max-snippet:-1, max-image-preview:large, max-video-preview:-1\" \/>\n<link rel=\"canonical\" href=\"https:\/\/www.jesuitasrioja.org\/en\/parish-of-san-ignacio\/\" \/>\n<meta property=\"og:locale\" content=\"en_US\" \/>\n<meta property=\"og:type\" content=\"article\" \/>\n<meta property=\"og:title\" content=\"Parish of San Ignacio\" \/>\n<meta property=\"og:description\" content=\"&nbsp; &nbsp; &nbsp; &nbsp; &nbsp; &nbsp; &nbsp; &nbsp; &nbsp; \u00a0 &nbsp; &nbsp; &nbsp; History of the Parish MILESTONES 1979, 1 April: Demarcation of the parish boundaries 1979, 2 September: First parish mass on the school fields. 1983, 19 March: First wedding at the church. 1983, 27 March: Palm Sunday is celebrated for the first time. [&hellip;]\" \/>\n<meta property=\"og:url\" content=\"https:\/\/www.jesuitasrioja.org\/en\/parish-of-san-ignacio\/\" \/>\n<meta property=\"og:site_name\" content=\"Jesuitas Logro\u00f1o\" \/>\n<meta property=\"article:publisher\" content=\"https:\/\/www.facebook.com\/jesuitasrioja?locale=es_ES\" \/>\n<meta property=\"article:modified_time\" content=\"2019-02-20T14:53:10+00:00\" \/>\n<meta property=\"og:image\" content=\"https:\/\/www.jesuitasrioja.org\/wp-content\/uploads\/2018\/01\/B_Parroquia-San-Ignacio.jpg\" \/>\n\t<meta property=\"og:image:width\" content=\"2257\" \/>\n\t<meta property=\"og:image:height\" content=\"340\" \/>\n\t<meta property=\"og:image:type\" content=\"image\/jpeg\" \/>\n<meta name=\"twitter:card\" content=\"summary_large_image\" \/>\n<meta name=\"twitter:site\" content=\"@jesuitasrioja\" \/>\n<meta name=\"twitter:label1\" content=\"Est. reading time\" \/>\n\t<meta name=\"twitter:data1\" content=\"2 minutes\" \/>\n<script type=\"application\/ld+json\" class=\"yoast-schema-graph\">{\"@context\":\"https:\/\/schema.org\",\"@graph\":[{\"@type\":\"WebPage\",\"@id\":\"https:\/\/www.jesuitasrioja.org\/en\/parish-of-san-ignacio\/\",\"url\":\"https:\/\/www.jesuitasrioja.org\/en\/parish-of-san-ignacio\/\",\"name\":\"Parish of San Ignacio - Jesuitas Logro\u00f1o\",\"isPartOf\":{\"@id\":\"https:\/\/www.jesuitasrioja.org\/#website\"},\"primaryImageOfPage\":{\"@id\":\"https:\/\/www.jesuitasrioja.org\/en\/parish-of-san-ignacio\/#primaryimage\"},\"image\":{\"@id\":\"https:\/\/www.jesuitasrioja.org\/en\/parish-of-san-ignacio\/#primaryimage\"},\"thumbnailUrl\":\"https:\/\/www.jesuitasrioja.org\/wp-content\/uploads\/2018\/01\/B_Parroquia-San-Ignacio.jpg\",\"datePublished\":\"2018-01-02T16:42:19+00:00\",\"dateModified\":\"2019-02-20T14:53:10+00:00\",\"breadcrumb\":{\"@id\":\"https:\/\/www.jesuitasrioja.org\/en\/parish-of-san-ignacio\/#breadcrumb\"},\"inLanguage\":\"en-US\",\"potentialAction\":[{\"@type\":\"ReadAction\",\"target\":[\"https:\/\/www.jesuitasrioja.org\/en\/parish-of-san-ignacio\/\"]}]},{\"@type\":\"ImageObject\",\"inLanguage\":\"en-US\",\"@id\":\"https:\/\/www.jesuitasrioja.org\/en\/parish-of-san-ignacio\/#primaryimage\",\"url\":\"https:\/\/www.jesuitasrioja.org\/wp-content\/uploads\/2018\/01\/B_Parroquia-San-Ignacio.jpg\",\"contentUrl\":\"https:\/\/www.jesuitasrioja.org\/wp-content\/uploads\/2018\/01\/B_Parroquia-San-Ignacio.jpg\",\"width\":2257,\"height\":340},{\"@type\":\"BreadcrumbList\",\"@id\":\"https:\/\/www.jesuitasrioja.org\/en\/parish-of-san-ignacio\/#breadcrumb\",\"itemListElement\":[{\"@type\":\"ListItem\",\"position\":1,\"name\":\"Portada\",\"item\":\"https:\/\/www.jesuitasrioja.org\/en\/inicio\/\"},{\"@type\":\"ListItem\",\"position\":2,\"name\":\"Parish of San Ignacio\"}]},{\"@type\":\"WebSite\",\"@id\":\"https:\/\/www.jesuitasrioja.org\/#website\",\"url\":\"https:\/\/www.jesuitasrioja.org\/\",\"name\":\"Jesuitas Logro\u00f1o\",\"description\":\"Centro Sagrado Coraz\u00f3n - Jesuitas Logro\u00f1o\",\"publisher\":{\"@id\":\"https:\/\/www.jesuitasrioja.org\/#organization\"},\"potentialAction\":[{\"@type\":\"SearchAction\",\"target\":{\"@type\":\"EntryPoint\",\"urlTemplate\":\"https:\/\/www.jesuitasrioja.org\/?s={search_term_string}\"},\"query-input\":{\"@type\":\"PropertyValueSpecification\",\"valueRequired\":true,\"valueName\":\"search_term_string\"}}],\"inLanguage\":\"en-US\"},{\"@type\":\"Organization\",\"@id\":\"https:\/\/www.jesuitasrioja.org\/#organization\",\"name\":\"Centro Sagrado Coraz\u00f3n Jesuitas\",\"url\":\"https:\/\/www.jesuitasrioja.org\/\",\"logo\":{\"@type\":\"ImageObject\",\"inLanguage\":\"en-US\",\"@id\":\"https:\/\/www.jesuitasrioja.org\/#\/schema\/logo\/image\/\",\"url\":\"https:\/\/www.jesuitasrioja.org\/wp-content\/uploads\/2020\/09\/Logo-completo-peque\u00f1o.png\",\"contentUrl\":\"https:\/\/www.jesuitasrioja.org\/wp-content\/uploads\/2020\/09\/Logo-completo-peque\u00f1o.png\",\"width\":300,\"height\":300,\"caption\":\"Centro Sagrado Coraz\u00f3n Jesuitas\"},\"image\":{\"@id\":\"https:\/\/www.jesuitasrioja.org\/#\/schema\/logo\/image\/\"},\"sameAs\":[\"https:\/\/www.facebook.com\/jesuitasrioja?locale=es_ES\",\"https:\/\/x.com\/jesuitasrioja\",\"https:\/\/www.instagram.com\/jesuitasrioja\/\"]}]}<\/script>\n<!-- \/ Yoast SEO Premium plugin. -->","yoast_head_json":{"title":"Parish of San Ignacio - Jesuitas Logro\u00f1o","robots":{"index":"index","follow":"follow","max-snippet":"max-snippet:-1","max-image-preview":"max-image-preview:large","max-video-preview":"max-video-preview:-1"},"canonical":"https:\/\/www.jesuitasrioja.org\/en\/parish-of-san-ignacio\/","og_locale":"en_US","og_type":"article","og_title":"Parish of San Ignacio","og_description":"&nbsp; &nbsp; &nbsp; &nbsp; &nbsp; &nbsp; &nbsp; &nbsp; &nbsp; \u00a0 &nbsp; &nbsp; &nbsp; History of the Parish MILESTONES 1979, 1 April: Demarcation of the parish boundaries 1979, 2 September: First parish mass on the school fields. 1983, 19 March: First wedding at the church. 1983, 27 March: Palm Sunday is celebrated for the first time. [&hellip;]","og_url":"https:\/\/www.jesuitasrioja.org\/en\/parish-of-san-ignacio\/","og_site_name":"Jesuitas Logro\u00f1o","article_publisher":"https:\/\/www.facebook.com\/jesuitasrioja?locale=es_ES","article_modified_time":"2019-02-20T14:53:10+00:00","og_image":[{"width":2257,"height":340,"url":"https:\/\/www.jesuitasrioja.org\/wp-content\/uploads\/2018\/01\/B_Parroquia-San-Ignacio.jpg","type":"image\/jpeg"}],"twitter_card":"summary_large_image","twitter_site":"@jesuitasrioja","twitter_misc":{"Est. reading time":"2 minutes"},"schema":{"@context":"https:\/\/schema.org","@graph":[{"@type":"WebPage","@id":"https:\/\/www.jesuitasrioja.org\/en\/parish-of-san-ignacio\/","url":"https:\/\/www.jesuitasrioja.org\/en\/parish-of-san-ignacio\/","name":"Parish of San Ignacio - Jesuitas Logro\u00f1o","isPartOf":{"@id":"https:\/\/www.jesuitasrioja.org\/#website"},"primaryImageOfPage":{"@id":"https:\/\/www.jesuitasrioja.org\/en\/parish-of-san-ignacio\/#primaryimage"},"image":{"@id":"https:\/\/www.jesuitasrioja.org\/en\/parish-of-san-ignacio\/#primaryimage"},"thumbnailUrl":"https:\/\/www.jesuitasrioja.org\/wp-content\/uploads\/2018\/01\/B_Parroquia-San-Ignacio.jpg","datePublished":"2018-01-02T16:42:19+00:00","dateModified":"2019-02-20T14:53:10+00:00","breadcrumb":{"@id":"https:\/\/www.jesuitasrioja.org\/en\/parish-of-san-ignacio\/#breadcrumb"},"inLanguage":"en-US","potentialAction":[{"@type":"ReadAction","target":["https:\/\/www.jesuitasrioja.org\/en\/parish-of-san-ignacio\/"]}]},{"@type":"ImageObject","inLanguage":"en-US","@id":"https:\/\/www.jesuitasrioja.org\/en\/parish-of-san-ignacio\/#primaryimage","url":"https:\/\/www.jesuitasrioja.org\/wp-content\/uploads\/2018\/01\/B_Parroquia-San-Ignacio.jpg","contentUrl":"https:\/\/www.jesuitasrioja.org\/wp-content\/uploads\/2018\/01\/B_Parroquia-San-Ignacio.jpg","width":2257,"height":340},{"@type":"BreadcrumbList","@id":"https:\/\/www.jesuitasrioja.org\/en\/parish-of-san-ignacio\/#breadcrumb","itemListElement":[{"@type":"ListItem","position":1,"name":"Portada","item":"https:\/\/www.jesuitasrioja.org\/en\/inicio\/"},{"@type":"ListItem","position":2,"name":"Parish of San Ignacio"}]},{"@type":"WebSite","@id":"https:\/\/www.jesuitasrioja.org\/#website","url":"https:\/\/www.jesuitasrioja.org\/","name":"Jesuitas Logro\u00f1o","description":"Centro Sagrado Coraz\u00f3n - Jesuitas Logro\u00f1o","publisher":{"@id":"https:\/\/www.jesuitasrioja.org\/#organization"},"potentialAction":[{"@type":"SearchAction","target":{"@type":"EntryPoint","urlTemplate":"https:\/\/www.jesuitasrioja.org\/?s={search_term_string}"},"query-input":{"@type":"PropertyValueSpecification","valueRequired":true,"valueName":"search_term_string"}}],"inLanguage":"en-US"},{"@type":"Organization","@id":"https:\/\/www.jesuitasrioja.org\/#organization","name":"Centro Sagrado Coraz\u00f3n Jesuitas","url":"https:\/\/www.jesuitasrioja.org\/","logo":{"@type":"ImageObject","inLanguage":"en-US","@id":"https:\/\/www.jesuitasrioja.org\/#\/schema\/logo\/image\/","url":"https:\/\/www.jesuitasrioja.org\/wp-content\/uploads\/2020\/09\/Logo-completo-peque\u00f1o.png","contentUrl":"https:\/\/www.jesuitasrioja.org\/wp-content\/uploads\/2020\/09\/Logo-completo-peque\u00f1o.png","width":300,"height":300,"caption":"Centro Sagrado Coraz\u00f3n Jesuitas"},"image":{"@id":"https:\/\/www.jesuitasrioja.org\/#\/schema\/logo\/image\/"},"sameAs":["https:\/\/www.facebook.com\/jesuitasrioja?locale=es_ES","https:\/\/x.com\/jesuitasrioja","https:\/\/www.instagram.com\/jesuitasrioja\/"]}]}},"_links":{"self":[{"href":"https:\/\/www.jesuitasrioja.org\/en\/wp-json\/wp\/v2\/pages\/2220"}],"collection":[{"href":"https:\/\/www.jesuitasrioja.org\/en\/wp-json\/wp\/v2\/pages"}],"about":[{"href":"https:\/\/www.jesuitasrioja.org\/en\/wp-json\/wp\/v2\/types\/page"}],"author":[{"embeddable":true,"href":"https:\/\/www.jesuitasrioja.org\/en\/wp-json\/wp\/v2\/users\/1"}],"replies":[{"embeddable":true,"href":"https:\/\/www.jesuitasrioja.org\/en\/wp-json\/wp\/v2\/comments?post=2220"}],"version-history":[{"count":1,"href":"https:\/\/www.jesuitasrioja.org\/en\/wp-json\/wp\/v2\/pages\/2220\/revisions"}],"predecessor-version":[{"id":2667,"href":"https:\/\/www.jesuitasrioja.org\/en\/wp-json\/wp\/v2\/pages\/2220\/revisions\/2667"}],"wp:featuredmedia":[{"embeddable":true,"href":"https:\/\/www.jesuitasrioja.org\/en\/wp-json\/wp\/v2\/media\/2222"}],"wp:attachment":[{"href":"https:\/\/www.jesuitasrioja.org\/en\/wp-json\/wp\/v2\/media?parent=2220"}],"curies":[{"name":"wp","href":"https:\/\/api.w.org\/{rel}","templated":true}]}}