{"id":2211,"date":"2018-01-02T17:32:20","date_gmt":"2018-01-02T17:32:20","guid":{"rendered":"http:\/\/www.jesuitasrioja.org\/instalaciones\/"},"modified":"2019-02-20T11:34:23","modified_gmt":"2019-02-20T11:34:23","slug":"facilities","status":"publish","type":"page","link":"https:\/\/www.jesuitasrioja.org\/en\/the-school\/facilities\/","title":{"rendered":"Facilities"},"content":{"rendered":"<p><\/p>\n<h2>English classroom in Nursery School<\/h2>\n<p><img decoding=\"async\" src=\"\/wp-content\/uploads\/2018\/01\/Aula-de-Ingl\u00e9s-Infantil.jpg\" alt=\"Aula de Ingl\u00e9s de Infantil\" \/><\/p>\n<h2>English classroom in Primary<\/h2>\n<p><img decoding=\"async\" src=\"\/wp-content\/uploads\/2018\/01\/Aula-de-Ingl\u00e9s-Primaria.jpg\" alt=\"Aula de Ingl\u00e9s de Primaria\" \/><\/p>\n<h2>Music room<\/h2>\n<p><img decoding=\"async\" src=\"\/wp-content\/uploads\/2018\/01\/Aula-de-M\u00fasica.jpg\" alt=\"Aula de M\u00fasica\" \/><\/p>\n<h2>Library<\/h2>\n<p><img decoding=\"async\" src=\"\/wp-content\/uploads\/2018\/01\/Biblioteca.jpg\" alt=\"Biblioteca\" \/><\/p>\n<h2>Youth Centre<\/h2>\n<p><img decoding=\"async\" src=\"\/wp-content\/uploads\/2018\/01\/Centro-Joven.jpg\" alt=\"Centro Joven\" \/><\/p>\n<h2>Canteen<\/h2>\n<p><img decoding=\"async\" src=\"\/wp-content\/uploads\/2018\/01\/Comedor.jpg\" alt=\"Comedor\" \/><\/p>\n<h2>Pelota Court<\/h2>\n<p><img decoding=\"async\" src=\"\/wp-content\/uploads\/2018\/01\/Front\u00f3n.jpg\" alt=\"Front\u00f3n\" \/><\/p>\n<h2>Photo Galleries &#8211; Nursery School and Primary<\/h2>\n<p><img decoding=\"async\" src=\"\/wp-content\/uploads\/2018\/01\/Galer\u00edas-Infantil-y-Primaria.jpg\" alt=\"Galer\u00edas Infantil y Primaria\" \/><\/p>\n<h2>Offices<\/h2>\n<p><img decoding=\"async\" src=\"\/wp-content\/uploads\/2018\/01\/Oficinas.jpg\" alt=\"Oficinas\" \/><\/p>\n<h2>Courtyard on Duques de N\u00e1jera Street<\/h2>\n<p><img decoding=\"async\" src=\"\/wp-content\/uploads\/2018\/01\/Patio-Duques-de-N\u00e1jera.jpg\" alt=\"Patio de calle Duques de N\u00e1jera\" \/><\/p>\n<h2>Courtyard on Duques de N\u00e1jera Street<\/h2>\n<p><img decoding=\"async\" src=\"\/wp-content\/uploads\/2018\/01\/Patio-calle-Huesca.jpg\" alt=\"Patio de calle Huesca\" \/><\/p>\n<h2>Sports centre<\/h2>\n<p><img decoding=\"async\" src=\"\/wp-content\/uploads\/2018\/01\/Polideportivo.jpg\" alt=\"Polideportivo\" \/><\/p>\n<h2>CSE computer room<\/h2>\n<p><img decoding=\"async\" src=\"\/wp-content\/uploads\/2018\/01\/Sala-ordenadores-ESO.jpg\" alt=\"Sala ordenadores ESO\" \/><\/p>\n<h2>Psychomotricity room<\/h2>\n<p><img decoding=\"async\" src=\"\/wp-content\/uploads\/2018\/01\/Sala-Psicomotricidad.jpg\" alt=\"Sala psicomotricidad\" \/><\/p>\n<h2>Administration Course computer room<\/h2>\n<p><img decoding=\"async\" src=\"\/wp-content\/uploads\/2018\/01\/Sala-aula-Ordenadores-Ciclo-Administraci\u00f3n.jpg\" alt=\"Sala-aula ordenadores Ciclo Administraci\u00f3n\" \/><\/p>\n<h2>IT Course computer room<\/h2>\n<p><img decoding=\"async\" src=\"\/wp-content\/uploads\/2018\/01\/Sala-aula-ordenadores-Ciclo-Dual-P\u00e1ginas-Web.jpg\" alt=\"Sala-aula ordenadores F.P. B\u00e1sica Administrativos\" \/><\/p>\n<h2>Maintenance computer room<\/h2>\n<p><img decoding=\"async\" src=\"\/wp-content\/uploads\/2018\/01\/Sala-aula-ordenadores-Ciclo-Inform\u00e1tica.jpg\" alt=\"Sala-aula ordenadores Ciclo Inform\u00e1tica\" \/><\/p>\n<h2>Maintenance computer room<\/h2>\n<p><img decoding=\"async\" src=\"\/wp-content\/uploads\/2018\/01\/Sala-aula-ordenadores-Mantenimiento.jpg\" alt=\"Sala-aula ordenadores Mantenimiento\" \/><\/p>\n<h2>AVT Development of Web Applications computer room<\/h2>\n<p><img decoding=\"async\" src=\"\/wp-content\/uploads\/2018\/02\/Aula-Aplicaciones-Web.jpg\" alt=\"Sala-aula ordenadores GS Desarrollo de Aplicaciones Web\" \/><\/p>\n<h2>Blue Room<\/h2>\n<p><img decoding=\"async\" src=\"\/wp-content\/uploads\/2018\/01\/Sal\u00f3n-Azul.jpg\" alt=\"Sal\u00f3n Azul\" \/><\/p>\n<h2>Red Room<\/h2>\n<p><img decoding=\"async\" src=\"\/wp-content\/uploads\/2018\/01\/Sal\u00f3n-Rojo.jpg\" alt=\"Sal\u00f3n Rojo\" \/><\/p>\n<h2>Automotion Workshop<\/h2>\n<p><img decoding=\"async\" src=\"\/wp-content\/uploads\/2018\/01\/Taller-Automoci\u00f3n.jpg\" alt=\"Taller de Automoci\u00f3n\" \/><\/p>\n<h2>Machining Workshop<\/h2>\n<p><img decoding=\"async\" src=\"\/wp-content\/uploads\/2018\/01\/Taller-Mecanizado.jpg\" alt=\"Taller de Mecanizado\" \/><\/p>","protected":false},"excerpt":{"rendered":"<p>English classroom in Nursery School English classroom in Primary Music room Library Youth Centre Canteen Pelota Court Photo Galleries &#8211; Nursery School and Primary Offices Courtyard on Duques de N\u00e1jera Street Courtyard on Duques de N\u00e1jera Street Sports centre CSE computer room Psychomotricity room Administration Course computer room IT Course computer room Maintenance computer room [&hellip;]<\/p>\n","protected":false},"author":1,"featured_media":2188,"parent":2230,"menu_order":50,"comment_status":"closed","ping_status":"closed","template":"","meta":{"_acf_changed":false,"footnotes":""},"acf":[],"yoast_head":"<!-- This site is optimized with the Yoast SEO Premium plugin v23.4 (Yoast SEO v24.2) - https:\/\/yoast.com\/wordpress\/plugins\/seo\/ -->\n<title>Facilities - Jesuitas Logro\u00f1o<\/title>\n<meta name=\"robots\" content=\"index, follow, max-snippet:-1, max-image-preview:large, max-video-preview:-1\" \/>\n<link rel=\"canonical\" href=\"https:\/\/www.jesuitasrioja.org\/en\/the-school\/facilities\/\" \/>\n<meta property=\"og:locale\" content=\"en_US\" \/>\n<meta property=\"og:type\" content=\"article\" \/>\n<meta property=\"og:title\" content=\"Facilities\" \/>\n<meta property=\"og:description\" content=\"English classroom in Nursery School English classroom in Primary Music room Library Youth Centre Canteen Pelota Court Photo Galleries &#8211; Nursery School and Primary Offices Courtyard on Duques de N\u00e1jera Street Courtyard on Duques de N\u00e1jera Street Sports centre CSE computer room Psychomotricity room Administration Course computer room IT Course computer room Maintenance computer room [&hellip;]\" \/>\n<meta property=\"og:url\" content=\"https:\/\/www.jesuitasrioja.org\/en\/the-school\/facilities\/\" \/>\n<meta property=\"og:site_name\" content=\"Jesuitas Logro\u00f1o\" \/>\n<meta property=\"article:publisher\" content=\"https:\/\/www.facebook.com\/jesuitasrioja?locale=es_ES\" \/>\n<meta property=\"article:modified_time\" content=\"2019-02-20T11:34:23+00:00\" \/>\n<meta property=\"og:image\" content=\"https:\/\/www.jesuitasrioja.org\/wp-content\/uploads\/2018\/01\/B_bachillerato.jpg\" \/>\n\t<meta property=\"og:image:width\" content=\"2257\" \/>\n\t<meta property=\"og:image:height\" content=\"340\" \/>\n\t<meta property=\"og:image:type\" content=\"image\/jpeg\" \/>\n<meta name=\"twitter:card\" content=\"summary_large_image\" \/>\n<meta name=\"twitter:site\" content=\"@jesuitasrioja\" \/>\n<meta name=\"twitter:label1\" content=\"Est. reading time\" \/>\n\t<meta name=\"twitter:data1\" content=\"1 minute\" \/>\n<script type=\"application\/ld+json\" class=\"yoast-schema-graph\">{\"@context\":\"https:\/\/schema.org\",\"@graph\":[{\"@type\":\"WebPage\",\"@id\":\"https:\/\/www.jesuitasrioja.org\/en\/the-school\/facilities\/\",\"url\":\"https:\/\/www.jesuitasrioja.org\/en\/the-school\/facilities\/\",\"name\":\"Facilities - Jesuitas Logro\u00f1o\",\"isPartOf\":{\"@id\":\"https:\/\/www.jesuitasrioja.org\/#website\"},\"primaryImageOfPage\":{\"@id\":\"https:\/\/www.jesuitasrioja.org\/en\/the-school\/facilities\/#primaryimage\"},\"image\":{\"@id\":\"https:\/\/www.jesuitasrioja.org\/en\/the-school\/facilities\/#primaryimage\"},\"thumbnailUrl\":\"https:\/\/www.jesuitasrioja.org\/wp-content\/uploads\/2018\/01\/B_bachillerato.jpg\",\"datePublished\":\"2018-01-02T17:32:20+00:00\",\"dateModified\":\"2019-02-20T11:34:23+00:00\",\"breadcrumb\":{\"@id\":\"https:\/\/www.jesuitasrioja.org\/en\/the-school\/facilities\/#breadcrumb\"},\"inLanguage\":\"en-US\",\"potentialAction\":[{\"@type\":\"ReadAction\",\"target\":[\"https:\/\/www.jesuitasrioja.org\/en\/the-school\/facilities\/\"]}]},{\"@type\":\"ImageObject\",\"inLanguage\":\"en-US\",\"@id\":\"https:\/\/www.jesuitasrioja.org\/en\/the-school\/facilities\/#primaryimage\",\"url\":\"https:\/\/www.jesuitasrioja.org\/wp-content\/uploads\/2018\/01\/B_bachillerato.jpg\",\"contentUrl\":\"https:\/\/www.jesuitasrioja.org\/wp-content\/uploads\/2018\/01\/B_bachillerato.jpg\",\"width\":2257,\"height\":340},{\"@type\":\"BreadcrumbList\",\"@id\":\"https:\/\/www.jesuitasrioja.org\/en\/the-school\/facilities\/#breadcrumb\",\"itemListElement\":[{\"@type\":\"ListItem\",\"position\":1,\"name\":\"Portada\",\"item\":\"https:\/\/www.jesuitasrioja.org\/en\/inicio\/\"},{\"@type\":\"ListItem\",\"position\":2,\"name\":\"The school\",\"item\":\"https:\/\/www.jesuitasrioja.org\/en\/the-school\/\"},{\"@type\":\"ListItem\",\"position\":3,\"name\":\"Facilities\"}]},{\"@type\":\"WebSite\",\"@id\":\"https:\/\/www.jesuitasrioja.org\/#website\",\"url\":\"https:\/\/www.jesuitasrioja.org\/\",\"name\":\"Jesuitas Logro\u00f1o\",\"description\":\"Centro Sagrado Coraz\u00f3n - Jesuitas Logro\u00f1o\",\"publisher\":{\"@id\":\"https:\/\/www.jesuitasrioja.org\/#organization\"},\"potentialAction\":[{\"@type\":\"SearchAction\",\"target\":{\"@type\":\"EntryPoint\",\"urlTemplate\":\"https:\/\/www.jesuitasrioja.org\/?s={search_term_string}\"},\"query-input\":{\"@type\":\"PropertyValueSpecification\",\"valueRequired\":true,\"valueName\":\"search_term_string\"}}],\"inLanguage\":\"en-US\"},{\"@type\":\"Organization\",\"@id\":\"https:\/\/www.jesuitasrioja.org\/#organization\",\"name\":\"Centro Sagrado Coraz\u00f3n Jesuitas\",\"url\":\"https:\/\/www.jesuitasrioja.org\/\",\"logo\":{\"@type\":\"ImageObject\",\"inLanguage\":\"en-US\",\"@id\":\"https:\/\/www.jesuitasrioja.org\/#\/schema\/logo\/image\/\",\"url\":\"https:\/\/www.jesuitasrioja.org\/wp-content\/uploads\/2020\/09\/Logo-completo-peque\u00f1o.png\",\"contentUrl\":\"https:\/\/www.jesuitasrioja.org\/wp-content\/uploads\/2020\/09\/Logo-completo-peque\u00f1o.png\",\"width\":300,\"height\":300,\"caption\":\"Centro Sagrado Coraz\u00f3n Jesuitas\"},\"image\":{\"@id\":\"https:\/\/www.jesuitasrioja.org\/#\/schema\/logo\/image\/\"},\"sameAs\":[\"https:\/\/www.facebook.com\/jesuitasrioja?locale=es_ES\",\"https:\/\/x.com\/jesuitasrioja\",\"https:\/\/www.instagram.com\/jesuitasrioja\/\"]}]}<\/script>\n<!-- \/ Yoast SEO Premium plugin. -->","yoast_head_json":{"title":"Facilities - Jesuitas Logro\u00f1o","robots":{"index":"index","follow":"follow","max-snippet":"max-snippet:-1","max-image-preview":"max-image-preview:large","max-video-preview":"max-video-preview:-1"},"canonical":"https:\/\/www.jesuitasrioja.org\/en\/the-school\/facilities\/","og_locale":"en_US","og_type":"article","og_title":"Facilities","og_description":"English classroom in Nursery School English classroom in Primary Music room Library Youth Centre Canteen Pelota Court Photo Galleries &#8211; Nursery School and Primary Offices Courtyard on Duques de N\u00e1jera Street Courtyard on Duques de N\u00e1jera Street Sports centre CSE computer room Psychomotricity room Administration Course computer room IT Course computer room Maintenance computer room [&hellip;]","og_url":"https:\/\/www.jesuitasrioja.org\/en\/the-school\/facilities\/","og_site_name":"Jesuitas Logro\u00f1o","article_publisher":"https:\/\/www.facebook.com\/jesuitasrioja?locale=es_ES","article_modified_time":"2019-02-20T11:34:23+00:00","og_image":[{"width":2257,"height":340,"url":"https:\/\/www.jesuitasrioja.org\/wp-content\/uploads\/2018\/01\/B_bachillerato.jpg","type":"image\/jpeg"}],"twitter_card":"summary_large_image","twitter_site":"@jesuitasrioja","twitter_misc":{"Est. reading time":"1 minute"},"schema":{"@context":"https:\/\/schema.org","@graph":[{"@type":"WebPage","@id":"https:\/\/www.jesuitasrioja.org\/en\/the-school\/facilities\/","url":"https:\/\/www.jesuitasrioja.org\/en\/the-school\/facilities\/","name":"Facilities - Jesuitas Logro\u00f1o","isPartOf":{"@id":"https:\/\/www.jesuitasrioja.org\/#website"},"primaryImageOfPage":{"@id":"https:\/\/www.jesuitasrioja.org\/en\/the-school\/facilities\/#primaryimage"},"image":{"@id":"https:\/\/www.jesuitasrioja.org\/en\/the-school\/facilities\/#primaryimage"},"thumbnailUrl":"https:\/\/www.jesuitasrioja.org\/wp-content\/uploads\/2018\/01\/B_bachillerato.jpg","datePublished":"2018-01-02T17:32:20+00:00","dateModified":"2019-02-20T11:34:23+00:00","breadcrumb":{"@id":"https:\/\/www.jesuitasrioja.org\/en\/the-school\/facilities\/#breadcrumb"},"inLanguage":"en-US","potentialAction":[{"@type":"ReadAction","target":["https:\/\/www.jesuitasrioja.org\/en\/the-school\/facilities\/"]}]},{"@type":"ImageObject","inLanguage":"en-US","@id":"https:\/\/www.jesuitasrioja.org\/en\/the-school\/facilities\/#primaryimage","url":"https:\/\/www.jesuitasrioja.org\/wp-content\/uploads\/2018\/01\/B_bachillerato.jpg","contentUrl":"https:\/\/www.jesuitasrioja.org\/wp-content\/uploads\/2018\/01\/B_bachillerato.jpg","width":2257,"height":340},{"@type":"BreadcrumbList","@id":"https:\/\/www.jesuitasrioja.org\/en\/the-school\/facilities\/#breadcrumb","itemListElement":[{"@type":"ListItem","position":1,"name":"Portada","item":"https:\/\/www.jesuitasrioja.org\/en\/inicio\/"},{"@type":"ListItem","position":2,"name":"The school","item":"https:\/\/www.jesuitasrioja.org\/en\/the-school\/"},{"@type":"ListItem","position":3,"name":"Facilities"}]},{"@type":"WebSite","@id":"https:\/\/www.jesuitasrioja.org\/#website","url":"https:\/\/www.jesuitasrioja.org\/","name":"Jesuitas Logro\u00f1o","description":"Centro Sagrado Coraz\u00f3n - Jesuitas Logro\u00f1o","publisher":{"@id":"https:\/\/www.jesuitasrioja.org\/#organization"},"potentialAction":[{"@type":"SearchAction","target":{"@type":"EntryPoint","urlTemplate":"https:\/\/www.jesuitasrioja.org\/?s={search_term_string}"},"query-input":{"@type":"PropertyValueSpecification","valueRequired":true,"valueName":"search_term_string"}}],"inLanguage":"en-US"},{"@type":"Organization","@id":"https:\/\/www.jesuitasrioja.org\/#organization","name":"Centro Sagrado Coraz\u00f3n Jesuitas","url":"https:\/\/www.jesuitasrioja.org\/","logo":{"@type":"ImageObject","inLanguage":"en-US","@id":"https:\/\/www.jesuitasrioja.org\/#\/schema\/logo\/image\/","url":"https:\/\/www.jesuitasrioja.org\/wp-content\/uploads\/2020\/09\/Logo-completo-peque\u00f1o.png","contentUrl":"https:\/\/www.jesuitasrioja.org\/wp-content\/uploads\/2020\/09\/Logo-completo-peque\u00f1o.png","width":300,"height":300,"caption":"Centro Sagrado Coraz\u00f3n Jesuitas"},"image":{"@id":"https:\/\/www.jesuitasrioja.org\/#\/schema\/logo\/image\/"},"sameAs":["https:\/\/www.facebook.com\/jesuitasrioja?locale=es_ES","https:\/\/x.com\/jesuitasrioja","https:\/\/www.instagram.com\/jesuitasrioja\/"]}]}},"_links":{"self":[{"href":"https:\/\/www.jesuitasrioja.org\/en\/wp-json\/wp\/v2\/pages\/2211"}],"collection":[{"href":"https:\/\/www.jesuitasrioja.org\/en\/wp-json\/wp\/v2\/pages"}],"about":[{"href":"https:\/\/www.jesuitasrioja.org\/en\/wp-json\/wp\/v2\/types\/page"}],"author":[{"embeddable":true,"href":"https:\/\/www.jesuitasrioja.org\/en\/wp-json\/wp\/v2\/users\/1"}],"replies":[{"embeddable":true,"href":"https:\/\/www.jesuitasrioja.org\/en\/wp-json\/wp\/v2\/comments?post=2211"}],"version-history":[{"count":1,"href":"https:\/\/www.jesuitasrioja.org\/en\/wp-json\/wp\/v2\/pages\/2211\/revisions"}],"predecessor-version":[{"id":2618,"href":"https:\/\/www.jesuitasrioja.org\/en\/wp-json\/wp\/v2\/pages\/2211\/revisions\/2618"}],"up":[{"embeddable":true,"href":"https:\/\/www.jesuitasrioja.org\/en\/wp-json\/wp\/v2\/pages\/2230"}],"wp:featuredmedia":[{"embeddable":true,"href":"https:\/\/www.jesuitasrioja.org\/en\/wp-json\/wp\/v2\/media\/2188"}],"wp:attachment":[{"href":"https:\/\/www.jesuitasrioja.org\/en\/wp-json\/wp\/v2\/media?parent=2211"}],"curies":[{"name":"wp","href":"https:\/\/api.w.org\/{rel}","templated":true}]}}